{"id":1319,"date":"2025-02-11T15:21:41","date_gmt":"2025-02-11T14:21:41","guid":{"rendered":"https:\/\/remi-junquera.com\/?page_id=1319"},"modified":"2025-02-25T09:59:46","modified_gmt":"2025-02-25T08:59:46","slug":"agricultures","status":"publish","type":"page","link":"https:\/\/remi-junquera.com\/index.php\/agricultures\/","title":{"rendered":"Agri&rsquo;Cultures"},"content":{"rendered":"\n<div class=\"wp-block-cover alignfull has-parallax wp-duotone-unset-1\" style=\"padding-top:17%;padding-bottom:3rem;min-height:801px;aspect-ratio:unset;\"><span aria-hidden=\"true\" class=\"wp-block-cover__background has-black-background-color has-background-dim\"><\/span><div class=\"wp-block-cover__image-background wp-image-1324 has-parallax\" style=\"background-position:50% 50%;background-image:url(https:\/\/remi-junquera.com\/wp-content\/uploads\/2025\/02\/Vue-entree.png)\"><\/div><div class=\"wp-block-cover__inner-container has-global-padding is-layout-constrained wp-container-core-cover-is-layout-1 wp-block-cover-is-layout-constrained\">\n<div class=\"wp-block-group has-global-padding is-layout-constrained wp-block-group-is-layout-constrained\" style=\"min-height:520px\">\n<h1 class=\"wp-block-heading alignwide has-text-align-center\">Agri&rsquo;cultures<\/h1>\n<\/div>\n<\/div><\/div>\n\n\n\n<div class=\"wp-block-group alignfull has-background has-global-padding is-layout-constrained wp-block-group-is-layout-constrained\" style=\"background-color:#ffffff\">\n<div style=\"height:58px\" aria-hidden=\"true\" class=\"wp-block-spacer\"><\/div>\n\n\n\n<h4 class=\"wp-block-heading alignwide has-text-align-center has-text-color has-link-color wp-elements-bfa37a2cc271dd9ad4e1e182eee18ac6\" style=\"color:#000000\">\u00ab accueillir la vie dans les anciens abattoirs du Creusot \u00bb<\/h4>\n\n\n\n<div style=\"height:58px\" aria-hidden=\"true\" class=\"wp-block-spacer\"><\/div>\n<\/div>\n\n\n\n<figure class=\"wp-block-image alignwide size-full has-custom-border\"><img fetchpriority=\"high\" decoding=\"async\" width=\"3840\" height=\"2160\" src=\"https:\/\/remi-junquera.com\/wp-content\/uploads\/2025\/02\/Vue-serre.png\" alt=\"\" class=\"wp-image-1321\" style=\"border-style:none;border-width:0px\" srcset=\"https:\/\/remi-junquera.com\/wp-content\/uploads\/2025\/02\/Vue-serre.png 3840w, https:\/\/remi-junquera.com\/wp-content\/uploads\/2025\/02\/Vue-serre-300x169.png 300w, https:\/\/remi-junquera.com\/wp-content\/uploads\/2025\/02\/Vue-serre-1024x576.png 1024w, https:\/\/remi-junquera.com\/wp-content\/uploads\/2025\/02\/Vue-serre-768x432.png 768w, https:\/\/remi-junquera.com\/wp-content\/uploads\/2025\/02\/Vue-serre-1536x864.png 1536w, https:\/\/remi-junquera.com\/wp-content\/uploads\/2025\/02\/Vue-serre-2048x1152.png 2048w\" sizes=\"(max-width: 3840px) 100vw, 3840px\" \/><\/figure>\n\n\n\n<div style=\"height:58px\" aria-hidden=\"true\" class=\"wp-block-spacer\"><\/div>\n\n\n\n<div class=\"wp-block-columns alignwide is-layout-flex wp-container-core-columns-is-layout-1 wp-block-columns-is-layout-flex\">\n<div class=\"wp-block-column is-layout-flow wp-block-column-is-layout-flow\">\n<p class=\"has-text-align-justify\">Le Creusot est une ville dont l&rsquo;histoire est profond\u00e9ment marqu\u00e9e par l&rsquo;industrialisation. Mais \u00e0 l&rsquo;origine, Le Creusot \u00e9tait <strong>un petit village agricole centr\u00e9 sur la culture c\u00e9r\u00e9ali\u00e8re, l&rsquo;\u00e9levage et la collecte de ressources foresti\u00e8res<\/strong>. Les abattoirs municipaux du Creusot (XIXe si\u00e8cle) symbolisent ce pass\u00e9 agricole de proximit\u00e9, de m\u00eame que son abandon, dans la seconde moiti\u00e9 du XXe si\u00e8cle, illustre la d\u00e9centralisation de l&rsquo;alimentaire. Malgr\u00e9 l&rsquo;image lugubre que renvoient les activit\u00e9s d&rsquo;abattage, le b\u00e2ti t\u00e9moigne d&rsquo;une \u00e9poque o\u00f9 la ville s&rsquo;organisait pour <strong>nourrir les citadins<\/strong> tout en am\u00e9liorant les conditions sanitaires.<strong> La ville, l&rsquo;architecture et l&rsquo;alimentation \u00e9taient en quelque sorte reli\u00e9es par ces abattoirs<\/strong>.<\/p>\n\n\n\n<p class=\"has-text-align-justify\"><strong>Les enjeux de la r\u00e9habilitation<\/strong> de cette friche sont multiples. D&rsquo;une part, le projet d&rsquo;<strong>Agri&rsquo;Cultures<\/strong> replace au centre des pr\u00e9occupations la n\u00e9cessit\u00e9 d&rsquo;organiser une <strong>transition agro\u00e9cologique<\/strong> au Creusot par le volet <strong>environnemental<\/strong> (d\u00e9simperm\u00e9abiliser et renaturer les sols ; prot\u00e9ger et d\u00e9velopper la biodiversit\u00e9 du site ; cr\u00e9er des circuits ultra-courts pour les ressources vivantes et inertes), le volet <strong>social <\/strong>(favoriser l&rsquo;acc\u00e8s \u00e0 l&#8217;emploi ; former les agriculteurs actuels et futurs du territoire ; rassembler les Creusotins ; encourager l&rsquo;acc\u00e8s \u00e0 la culture), le volet <strong>alimentaire <\/strong>(produire et offrir une alimentation locale, \u00e9thique et respectueuse du vivant ; proposer des plats \u00e9quilibr\u00e9s, pr\u00e9par\u00e9s \u00e0 partir de produits frais et savoureux), le volet <strong>patrimonial <\/strong>(rendre hommage \u00e0 l&rsquo;histoire alimentaire du site, en lien avec les enjeux contemporains ; valoriser le patrimoine b\u00e2ti en conservant les volumes principaux des anciens abattoirs)<\/p>\n<\/div>\n\n\n\n<div class=\"wp-block-column is-layout-flow wp-block-column-is-layout-flow\">\n<p class=\"has-text-align-justify\">Pour cela, Agri&rsquo;Cultures propose un<strong> projet alimentaire, social et culturel \u00e0 travers un programme et une gestion innovante<\/strong>. Le projet s\u2019articule autour d\u2019une structure d\u2019insertion par l\u2019activit\u00e9 \u00e9conomique (SIAE) nomm\u00e9e \u00ab\u00a0Essaimer\u00a0\u00bb qui est le socle de diff\u00e9rents p\u00f4les programmatiques compl\u00e9mentaires.<\/p>\n\n\n\n<p>Le <strong>p\u00f4le agriculture et alimentation<\/strong> sont naturellement en interaction. Ils partagent des acc\u00e8s communs aux surfaces cultiv\u00e9es et ajustent leurs actions en fonction des besoins respectifs. Ensemble, ils \u00e9laborent les menus en fonction des produits disponibles, \u00e9tablissant une synergie entre production agricole et alimentation locale.<\/p>\n\n\n\n<p>Le <strong>p\u00f4le culturel<\/strong> s\u2019articule \u00e9galement avec les p\u00f4les pr\u00e9c\u00e9dents en proposant des \u00e9v\u00e9nements autour de th\u00e9matiques communes. Il organise des temps d\u2019\u00e9change, de partage et de d\u00e9couverte pour tous les publics, favorisant ainsi les liens sociaux et rassemblant les habitants autour du site Agri\u2019Cultures.<\/p>\n\n\n\n<p>Le <strong>p\u00f4le connexe<\/strong> comprend quatre logements pour des personnes en situation de grande pr\u00e9carit\u00e9, ainsi que deux programmes compl\u00e9mentaires : une recyclerie et un garage pour l\u2019entretien des v\u00e9hicules et des outils n\u00e9cessaires \u00e0 la gestion des espaces verts.<\/p>\n\n\n\n<div style=\"height:60px\" aria-hidden=\"true\" class=\"wp-block-spacer\"><\/div>\n\n\n\n<hr class=\"wp-block-separator has-alpha-channel-opacity is-style-wide\"\/>\n\n\n\n<p class=\"has-text-align-left\" style=\"font-size:clamp(14px, 0.875rem + ((1vw - 3.2px) * 0.114), 15px);line-height:2\"><em><strong>Programme<\/strong> : Concours \u00ab\u00a0prix de la friche\u00a0\u00bb<br><strong>Lieu<\/strong> : Le Creusot (71)<br><strong>Ann\u00e9e <\/strong>: 2024<br><strong>MOA <\/strong>: Batifranc<br><strong>MOE <\/strong>: R\u00e9mi Junquera<\/em><\/p>\n<\/div>\n<\/div>\n\n\n\n<div aria-hidden=\"true\" class=\"wp-block-spacer\"><\/div>\n\n\n\n<figure class=\"wp-block-image alignwide size-full\"><img decoding=\"async\" width=\"2560\" height=\"1810\" src=\"https:\/\/remi-junquera.com\/wp-content\/uploads\/2025\/02\/3_pages-to-jpg-0001-scaled.jpg\" alt=\"\" class=\"wp-image-1329\" srcset=\"https:\/\/remi-junquera.com\/wp-content\/uploads\/2025\/02\/3_pages-to-jpg-0001-scaled.jpg 2560w, https:\/\/remi-junquera.com\/wp-content\/uploads\/2025\/02\/3_pages-to-jpg-0001-300x212.jpg 300w, https:\/\/remi-junquera.com\/wp-content\/uploads\/2025\/02\/3_pages-to-jpg-0001-1024x724.jpg 1024w, https:\/\/remi-junquera.com\/wp-content\/uploads\/2025\/02\/3_pages-to-jpg-0001-768x543.jpg 768w, https:\/\/remi-junquera.com\/wp-content\/uploads\/2025\/02\/3_pages-to-jpg-0001-1536x1086.jpg 1536w, https:\/\/remi-junquera.com\/wp-content\/uploads\/2025\/02\/3_pages-to-jpg-0001-2048x1448.jpg 2048w\" sizes=\"(max-width: 2560px) 100vw, 2560px\" \/><\/figure>\n\n\n\n<figure class=\"wp-block-image alignwide size-full\"><img decoding=\"async\" width=\"2560\" height=\"1810\" src=\"https:\/\/remi-junquera.com\/wp-content\/uploads\/2025\/02\/2_pages-to-jpg-0001-scaled.jpg\" alt=\"\" class=\"wp-image-1327\" srcset=\"https:\/\/remi-junquera.com\/wp-content\/uploads\/2025\/02\/2_pages-to-jpg-0001-scaled.jpg 2560w, https:\/\/remi-junquera.com\/wp-content\/uploads\/2025\/02\/2_pages-to-jpg-0001-300x212.jpg 300w, https:\/\/remi-junquera.com\/wp-content\/uploads\/2025\/02\/2_pages-to-jpg-0001-1024x724.jpg 1024w, https:\/\/remi-junquera.com\/wp-content\/uploads\/2025\/02\/2_pages-to-jpg-0001-768x543.jpg 768w, https:\/\/remi-junquera.com\/wp-content\/uploads\/2025\/02\/2_pages-to-jpg-0001-1536x1086.jpg 1536w, https:\/\/remi-junquera.com\/wp-content\/uploads\/2025\/02\/2_pages-to-jpg-0001-2048x1448.jpg 2048w\" sizes=\"(max-width: 2560px) 100vw, 2560px\" \/><\/figure>\n\n\n\n<figure class=\"wp-block-image alignwide size-full\"><img loading=\"lazy\" decoding=\"async\" width=\"2560\" height=\"1810\" src=\"https:\/\/remi-junquera.com\/wp-content\/uploads\/2025\/02\/2_pages-to-jpg-0002-scaled.jpg\" alt=\"\" class=\"wp-image-1328\" srcset=\"https:\/\/remi-junquera.com\/wp-content\/uploads\/2025\/02\/2_pages-to-jpg-0002-scaled.jpg 2560w, https:\/\/remi-junquera.com\/wp-content\/uploads\/2025\/02\/2_pages-to-jpg-0002-300x212.jpg 300w, https:\/\/remi-junquera.com\/wp-content\/uploads\/2025\/02\/2_pages-to-jpg-0002-1024x724.jpg 1024w, https:\/\/remi-junquera.com\/wp-content\/uploads\/2025\/02\/2_pages-to-jpg-0002-768x543.jpg 768w, https:\/\/remi-junquera.com\/wp-content\/uploads\/2025\/02\/2_pages-to-jpg-0002-1536x1086.jpg 1536w, https:\/\/remi-junquera.com\/wp-content\/uploads\/2025\/02\/2_pages-to-jpg-0002-2048x1448.jpg 2048w\" sizes=\"(max-width: 2560px) 100vw, 2560px\" \/><\/figure>\n\n\n\n<div style=\"height:58px\" aria-hidden=\"true\" class=\"wp-block-spacer\"><\/div>\n\n\n\n<hr class=\"wp-block-separator alignfull has-alpha-channel-opacity\"\/>\n","protected":false},"excerpt":{"rendered":"<p>\u00ab accueillir la vie dans les anciens abattoirs du Creusot \u00bb Le Creusot est une ville dont l&rsquo;histoire est profond\u00e9ment marqu\u00e9e par l&rsquo;industrialisation. Mais \u00e0 l&rsquo;origine, Le Creusot \u00e9tait un petit village agricole centr\u00e9 sur la culture c\u00e9r\u00e9ali\u00e8re, l&rsquo;\u00e9levage et la collecte de ressources foresti\u00e8res. Les abattoirs municipaux du Creusot (XIXe si\u00e8cle) symbolisent ce pass\u00e9 [&hellip;]<\/p>\n","protected":false},"author":1,"featured_media":0,"parent":0,"menu_order":0,"comment_status":"closed","ping_status":"closed","template":"","meta":{"footnotes":""},"yoast_head":"<!-- This site is optimized with the Yoast SEO plugin v22.9 - https:\/\/yoast.com\/wordpress\/plugins\/seo\/ -->\n<title>Agri&#039;Cultures | R\u00e9mi Junquera<\/title>\n<meta name=\"robots\" content=\"index, follow, max-snippet:-1, max-image-preview:large, max-video-preview:-1\" \/>\n<link rel=\"canonical\" href=\"https:\/\/remi-junquera.com\/index.php\/agricultures\/\" \/>\n<meta property=\"og:locale\" content=\"fr_FR\" \/>\n<meta property=\"og:type\" content=\"article\" \/>\n<meta property=\"og:title\" content=\"Agri&#039;Cultures | R\u00e9mi Junquera\" \/>\n<meta property=\"og:description\" content=\"\u00ab accueillir la vie dans les anciens abattoirs du Creusot \u00bb Le Creusot est une ville dont l&rsquo;histoire est profond\u00e9ment marqu\u00e9e par l&rsquo;industrialisation. Mais \u00e0 l&rsquo;origine, Le Creusot \u00e9tait un petit village agricole centr\u00e9 sur la culture c\u00e9r\u00e9ali\u00e8re, l&rsquo;\u00e9levage et la collecte de ressources foresti\u00e8res. Les abattoirs municipaux du Creusot (XIXe si\u00e8cle) symbolisent ce pass\u00e9 [&hellip;]\" \/>\n<meta property=\"og:url\" content=\"https:\/\/remi-junquera.com\/index.php\/agricultures\/\" \/>\n<meta property=\"og:site_name\" content=\"R\u00e9mi Junquera\" \/>\n<meta property=\"article:modified_time\" content=\"2025-02-25T08:59:46+00:00\" \/>\n<meta property=\"og:image\" content=\"https:\/\/remi-junquera.com\/wp-content\/uploads\/2025\/02\/Vue-serre.png\" \/>\n<meta name=\"twitter:card\" content=\"summary_large_image\" \/>\n<meta name=\"twitter:label1\" content=\"Dur\u00e9e de lecture estim\u00e9e\" \/>\n\t<meta name=\"twitter:data1\" content=\"4 minutes\" \/>\n<script type=\"application\/ld+json\" class=\"yoast-schema-graph\">{\"@context\":\"https:\/\/schema.org\",\"@graph\":[{\"@type\":\"WebPage\",\"@id\":\"https:\/\/remi-junquera.com\/index.php\/agricultures\/\",\"url\":\"https:\/\/remi-junquera.com\/index.php\/agricultures\/\",\"name\":\"Agri'Cultures | R\u00e9mi Junquera\",\"isPartOf\":{\"@id\":\"https:\/\/remi-junquera.com\/#website\"},\"primaryImageOfPage\":{\"@id\":\"https:\/\/remi-junquera.com\/index.php\/agricultures\/#primaryimage\"},\"image\":{\"@id\":\"https:\/\/remi-junquera.com\/index.php\/agricultures\/#primaryimage\"},\"thumbnailUrl\":\"https:\/\/remi-junquera.com\/wp-content\/uploads\/2025\/02\/Vue-serre.png\",\"datePublished\":\"2025-02-11T14:21:41+00:00\",\"dateModified\":\"2025-02-25T08:59:46+00:00\",\"breadcrumb\":{\"@id\":\"https:\/\/remi-junquera.com\/index.php\/agricultures\/#breadcrumb\"},\"inLanguage\":\"fr-FR\",\"potentialAction\":[{\"@type\":\"ReadAction\",\"target\":[\"https:\/\/remi-junquera.com\/index.php\/agricultures\/\"]}]},{\"@type\":\"ImageObject\",\"inLanguage\":\"fr-FR\",\"@id\":\"https:\/\/remi-junquera.com\/index.php\/agricultures\/#primaryimage\",\"url\":\"https:\/\/remi-junquera.com\/wp-content\/uploads\/2025\/02\/Vue-serre.png\",\"contentUrl\":\"https:\/\/remi-junquera.com\/wp-content\/uploads\/2025\/02\/Vue-serre.png\",\"width\":3840,\"height\":2160},{\"@type\":\"BreadcrumbList\",\"@id\":\"https:\/\/remi-junquera.com\/index.php\/agricultures\/#breadcrumb\",\"itemListElement\":[{\"@type\":\"ListItem\",\"position\":1,\"name\":\"Accueil\",\"item\":\"https:\/\/remi-junquera.com\/\"},{\"@type\":\"ListItem\",\"position\":2,\"name\":\"Agri&rsquo;Cultures\"}]},{\"@type\":\"WebSite\",\"@id\":\"https:\/\/remi-junquera.com\/#website\",\"url\":\"https:\/\/remi-junquera.com\/\",\"name\":\"R\u00e9mi Junquera\",\"description\":\"Architecture Urbanisme Agriculture\",\"publisher\":{\"@id\":\"https:\/\/remi-junquera.com\/#organization\"},\"potentialAction\":[{\"@type\":\"SearchAction\",\"target\":{\"@type\":\"EntryPoint\",\"urlTemplate\":\"https:\/\/remi-junquera.com\/?s={search_term_string}\"},\"query-input\":\"required name=search_term_string\"}],\"inLanguage\":\"fr-FR\"},{\"@type\":\"Organization\",\"@id\":\"https:\/\/remi-junquera.com\/#organization\",\"name\":\"R\u00e9mi Junquera\",\"url\":\"https:\/\/remi-junquera.com\/\",\"logo\":{\"@type\":\"ImageObject\",\"inLanguage\":\"fr-FR\",\"@id\":\"https:\/\/remi-junquera.com\/#\/schema\/logo\/image\/\",\"url\":\"https:\/\/remi-junquera.com\/wp-content\/uploads\/2024\/06\/logo-Remi-Junquera-HD.png\",\"contentUrl\":\"https:\/\/remi-junquera.com\/wp-content\/uploads\/2024\/06\/logo-Remi-Junquera-HD.png\",\"width\":4430,\"height\":947,\"caption\":\"R\u00e9mi Junquera\"},\"image\":{\"@id\":\"https:\/\/remi-junquera.com\/#\/schema\/logo\/image\/\"},\"sameAs\":[\"http:\/\/linkedin.com\/in\/r\u00e9mi-junquera\"]}]}<\/script>\n<!-- \/ Yoast SEO plugin. -->","yoast_head_json":{"title":"Agri'Cultures | R\u00e9mi Junquera","robots":{"index":"index","follow":"follow","max-snippet":"max-snippet:-1","max-image-preview":"max-image-preview:large","max-video-preview":"max-video-preview:-1"},"canonical":"https:\/\/remi-junquera.com\/index.php\/agricultures\/","og_locale":"fr_FR","og_type":"article","og_title":"Agri'Cultures | R\u00e9mi Junquera","og_description":"\u00ab accueillir la vie dans les anciens abattoirs du Creusot \u00bb Le Creusot est une ville dont l&rsquo;histoire est profond\u00e9ment marqu\u00e9e par l&rsquo;industrialisation. Mais \u00e0 l&rsquo;origine, Le Creusot \u00e9tait un petit village agricole centr\u00e9 sur la culture c\u00e9r\u00e9ali\u00e8re, l&rsquo;\u00e9levage et la collecte de ressources foresti\u00e8res. Les abattoirs municipaux du Creusot (XIXe si\u00e8cle) symbolisent ce pass\u00e9 [&hellip;]","og_url":"https:\/\/remi-junquera.com\/index.php\/agricultures\/","og_site_name":"R\u00e9mi Junquera","article_modified_time":"2025-02-25T08:59:46+00:00","og_image":[{"url":"https:\/\/remi-junquera.com\/wp-content\/uploads\/2025\/02\/Vue-serre.png"}],"twitter_card":"summary_large_image","twitter_misc":{"Dur\u00e9e de lecture estim\u00e9e":"4 minutes"},"schema":{"@context":"https:\/\/schema.org","@graph":[{"@type":"WebPage","@id":"https:\/\/remi-junquera.com\/index.php\/agricultures\/","url":"https:\/\/remi-junquera.com\/index.php\/agricultures\/","name":"Agri'Cultures | R\u00e9mi Junquera","isPartOf":{"@id":"https:\/\/remi-junquera.com\/#website"},"primaryImageOfPage":{"@id":"https:\/\/remi-junquera.com\/index.php\/agricultures\/#primaryimage"},"image":{"@id":"https:\/\/remi-junquera.com\/index.php\/agricultures\/#primaryimage"},"thumbnailUrl":"https:\/\/remi-junquera.com\/wp-content\/uploads\/2025\/02\/Vue-serre.png","datePublished":"2025-02-11T14:21:41+00:00","dateModified":"2025-02-25T08:59:46+00:00","breadcrumb":{"@id":"https:\/\/remi-junquera.com\/index.php\/agricultures\/#breadcrumb"},"inLanguage":"fr-FR","potentialAction":[{"@type":"ReadAction","target":["https:\/\/remi-junquera.com\/index.php\/agricultures\/"]}]},{"@type":"ImageObject","inLanguage":"fr-FR","@id":"https:\/\/remi-junquera.com\/index.php\/agricultures\/#primaryimage","url":"https:\/\/remi-junquera.com\/wp-content\/uploads\/2025\/02\/Vue-serre.png","contentUrl":"https:\/\/remi-junquera.com\/wp-content\/uploads\/2025\/02\/Vue-serre.png","width":3840,"height":2160},{"@type":"BreadcrumbList","@id":"https:\/\/remi-junquera.com\/index.php\/agricultures\/#breadcrumb","itemListElement":[{"@type":"ListItem","position":1,"name":"Accueil","item":"https:\/\/remi-junquera.com\/"},{"@type":"ListItem","position":2,"name":"Agri&rsquo;Cultures"}]},{"@type":"WebSite","@id":"https:\/\/remi-junquera.com\/#website","url":"https:\/\/remi-junquera.com\/","name":"R\u00e9mi Junquera","description":"Architecture Urbanisme Agriculture","publisher":{"@id":"https:\/\/remi-junquera.com\/#organization"},"potentialAction":[{"@type":"SearchAction","target":{"@type":"EntryPoint","urlTemplate":"https:\/\/remi-junquera.com\/?s={search_term_string}"},"query-input":"required name=search_term_string"}],"inLanguage":"fr-FR"},{"@type":"Organization","@id":"https:\/\/remi-junquera.com\/#organization","name":"R\u00e9mi Junquera","url":"https:\/\/remi-junquera.com\/","logo":{"@type":"ImageObject","inLanguage":"fr-FR","@id":"https:\/\/remi-junquera.com\/#\/schema\/logo\/image\/","url":"https:\/\/remi-junquera.com\/wp-content\/uploads\/2024\/06\/logo-Remi-Junquera-HD.png","contentUrl":"https:\/\/remi-junquera.com\/wp-content\/uploads\/2024\/06\/logo-Remi-Junquera-HD.png","width":4430,"height":947,"caption":"R\u00e9mi Junquera"},"image":{"@id":"https:\/\/remi-junquera.com\/#\/schema\/logo\/image\/"},"sameAs":["http:\/\/linkedin.com\/in\/r\u00e9mi-junquera"]}]}},"jetpack_sharing_enabled":true,"_links":{"self":[{"href":"https:\/\/remi-junquera.com\/index.php\/wp-json\/wp\/v2\/pages\/1319"}],"collection":[{"href":"https:\/\/remi-junquera.com\/index.php\/wp-json\/wp\/v2\/pages"}],"about":[{"href":"https:\/\/remi-junquera.com\/index.php\/wp-json\/wp\/v2\/types\/page"}],"author":[{"embeddable":true,"href":"https:\/\/remi-junquera.com\/index.php\/wp-json\/wp\/v2\/users\/1"}],"replies":[{"embeddable":true,"href":"https:\/\/remi-junquera.com\/index.php\/wp-json\/wp\/v2\/comments?post=1319"}],"version-history":[{"count":3,"href":"https:\/\/remi-junquera.com\/index.php\/wp-json\/wp\/v2\/pages\/1319\/revisions"}],"predecessor-version":[{"id":1350,"href":"https:\/\/remi-junquera.com\/index.php\/wp-json\/wp\/v2\/pages\/1319\/revisions\/1350"}],"wp:attachment":[{"href":"https:\/\/remi-junquera.com\/index.php\/wp-json\/wp\/v2\/media?parent=1319"}],"curies":[{"name":"wp","href":"https:\/\/api.w.org\/{rel}","templated":true}]}}