{"id":238,"date":"2024-06-07T12:35:45","date_gmt":"2024-06-07T10:35:45","guid":{"rendered":"https:\/\/remi-junquera.com\/?page_id=238"},"modified":"2025-02-25T09:55:31","modified_gmt":"2025-02-25T08:55:31","slug":"ferme-urbaine-diffuse","status":"publish","type":"page","link":"https:\/\/remi-junquera.com\/index.php\/ferme-urbaine-diffuse\/","title":{"rendered":"Ferme urbaine diffuse"},"content":{"rendered":"\n<div class=\"wp-block-cover alignfull has-parallax wp-duotone-unset-1\" style=\"padding-top:17%;padding-bottom:3rem;min-height:801px;aspect-ratio:unset;\"><span aria-hidden=\"true\" class=\"wp-block-cover__background has-black-background-color has-background-dim-40 has-background-dim\"><\/span><div class=\"wp-block-cover__image-background wp-image-479 has-parallax\" style=\"background-position:50% 50%;background-image:url(https:\/\/remi-junquera.com\/wp-content\/uploads\/2024\/06\/dessin-2-sallaz-2-scaled.jpg)\"><\/div><div class=\"wp-block-cover__inner-container has-global-padding is-layout-constrained wp-container-core-cover-is-layout-1 wp-block-cover-is-layout-constrained\">\n<div class=\"wp-block-group alignwide has-global-padding is-layout-constrained wp-block-group-is-layout-constrained\" style=\"min-height:520px\">\n<h1 class=\"wp-block-heading alignwide has-text-align-center\">ferme urbaine diffuse<\/h1>\n<\/div>\n<\/div><\/div>\n\n\n\n<div class=\"wp-block-group alignfull has-background has-global-padding is-layout-constrained wp-block-group-is-layout-constrained\" style=\"background-color:#293d2000\">\n<div style=\"height:58px\" aria-hidden=\"true\" class=\"wp-block-spacer\"><\/div>\n\n\n\n<h4 class=\"wp-block-heading alignwide has-text-align-center has-text-color has-link-color wp-elements-7f13fa24d0203d1ac1e039b83c480d9d\" style=\"color:#000000\">\u00ab Une ferme urbaine multisites au c\u0153ur du quartier \u00bb<\/h4>\n\n\n\n<div style=\"height:58px\" aria-hidden=\"true\" class=\"wp-block-spacer\"><\/div>\n<\/div>\n\n\n\n<figure class=\"wp-block-image alignwide size-full\"><img fetchpriority=\"high\" decoding=\"async\" width=\"1003\" height=\"796\" src=\"https:\/\/remi-junquera.com\/wp-content\/uploads\/2024\/06\/ferme-diffuse-1.png\" alt=\"\" class=\"wp-image-494\" srcset=\"https:\/\/remi-junquera.com\/wp-content\/uploads\/2024\/06\/ferme-diffuse-1.png 1003w, https:\/\/remi-junquera.com\/wp-content\/uploads\/2024\/06\/ferme-diffuse-1-300x238.png 300w, https:\/\/remi-junquera.com\/wp-content\/uploads\/2024\/06\/ferme-diffuse-1-768x609.png 768w\" sizes=\"(max-width: 1003px) 100vw, 1003px\" \/><\/figure>\n\n\n\n<div style=\"height:58px\" aria-hidden=\"true\" class=\"wp-block-spacer\"><\/div>\n\n\n\n<div class=\"wp-block-columns alignwide is-layout-flex wp-container-core-columns-is-layout-1 wp-block-columns-is-layout-flex\">\n<div class=\"wp-block-column is-layout-flow wp-block-column-is-layout-flow\">\n<p class=\"has-text-align-justify\">L\u2019exp\u00e9rimentation constructive de \u00ab ferme urbaine diffuse \u00bb s\u2019inscrit dans le cadre d\u2019une volont\u00e9 politique de la part de la ville d\u2019Annemasse qui envisage depuis plusieurs ann\u00e9es de renouveler les espaces publics du quartier du Perrier en int\u00e9grant des formes d\u2019agricultures urbaines. Ce projet a \u00e9t\u00e9<strong> laur\u00e9at de l\u2019appel \u00e0 projets \u00ab Quartiers Fertiles \u00bb<\/strong> de l\u2019ANRU en 2020.<\/p>\n\n\n\n<p class=\"has-text-align-justify\">Le projet consiste \u00e0 \u00e9tudier l\u2019ensemble des sites du quartier qui peuvent potentiellement accueillir des cultures au sol et hors-sol. Le <strong>diagnostic et l\u2019\u00e9tude de faisabilit\u00e9<\/strong> ont d\u00e9montr\u00e9 que s\u2019il n\u2019existait pas de terrain suffisamment grand pour accueillir des jardins collectifs et une ferme urbaine, il y avait la possibilit\u00e9 de cr\u00e9er un concept de ferme urbaine diffuse. Ce dernier signifie que la <strong>ferme urbaine se \u00ab diffuse \u00bb dans le quartier \u00e0 travers plusieurs espaces<\/strong> qui, par leur nature, permettent de g\u00e9n\u00e9rer un <strong>espace agricole diversifi\u00e9<\/strong> dans les usages, les expositions solaires, les relations au voisinage, les visibilit\u00e9s depuis les espaces publics, etc.&nbsp;<\/p>\n<\/div>\n\n\n\n<div class=\"wp-block-column is-layout-flow wp-block-column-is-layout-flow\">\n<p class=\"has-text-align-justify\">Sur les dix sites potentiels, cinq ont \u00e9t\u00e9 retenus : une surface de 6 000 m\u00b2&nbsp;d\u00e9di\u00e9e \u00e0 la <strong>culture mara\u00eech\u00e8re<\/strong> du fermier urbain, une seconde surface mara\u00eech\u00e8re de 2000 m\u00b2 offrant une visibilit\u00e9 importante depuis une route tr\u00e8s emprunt\u00e9, une parcelle de 1 800 m\u00b2 d\u00e9di\u00e9e \u00e0 un<strong> jardin p\u00e9dagogique<\/strong> \u00e0 proximit\u00e9 des \u00e9coles, ainsi qu\u2019un <strong>espace artificialis\u00e9<\/strong> o\u00f9 peut se d\u00e9velopper une \u00ab <a href=\"https:\/\/remi-junquera.com\/index.php\/serre-agricole-au-dessus-de-places-de-stationnement\/\" data-type=\"page\" data-id=\"246\"><strong>serre agricole au-dessus de place de stationnement<\/strong><\/a> \u00bb. Cette faisabilit\u00e9 \u00e0 l\u2019\u00e9chelle urbaine a \u00e9t\u00e9 prolong\u00e9e par une \u00e9tude agricole compl\u00e8te qui a permis de d\u00e9finir la structure juridique, la viabilit\u00e9 \u00e9conomique, les strat\u00e9gies de commercialisation, etc.<\/p>\n\n\n\n<hr class=\"wp-block-separator has-alpha-channel-opacity is-style-wide\"\/>\n\n\n\n<p class=\"has-text-align-left\" style=\"font-size:clamp(14px, 0.875rem + ((1vw - 3.2px) * 0.114), 15px);line-height:2\"><em><strong>Programme<\/strong> : \u00c9tude de diagnostic et de faisabilit\u00e9 architecturale, urbaine et agricole pour la cr\u00e9ation d\u2019une ferme urbaine dans le quartier du Perrier \u00e0 Annemasse.<br><strong>Lieu<\/strong> : Annemasse (74)<br><strong>Ann\u00e9e <\/strong>: 2019 &#8211; 2022<br><strong>MOA <\/strong>: Ville d\u2019Annemasse &amp; Annemasse Agglo<br><strong>MOE <\/strong>: EVS-LAURE, AAU-CRESSON, Chaire \u00ab Habitat du futur \u00bb, Rougerie+Tangram, R\u00e9mi Junquera, Ma Ville Verte<\/em><\/p>\n<\/div>\n<\/div>\n\n\n\n<div style=\"height:58px\" aria-hidden=\"true\" class=\"wp-block-spacer\"><\/div>\n\n\n\n<figure class=\"wp-block-image alignwide size-full has-custom-border\"><img decoding=\"async\" width=\"1255\" height=\"799\" src=\"https:\/\/remi-junquera.com\/wp-content\/uploads\/2024\/06\/Capture.png\" alt=\"\" class=\"wp-image-495\" style=\"border-width:1px\" srcset=\"https:\/\/remi-junquera.com\/wp-content\/uploads\/2024\/06\/Capture.png 1255w, https:\/\/remi-junquera.com\/wp-content\/uploads\/2024\/06\/Capture-300x191.png 300w, https:\/\/remi-junquera.com\/wp-content\/uploads\/2024\/06\/Capture-1024x652.png 1024w, https:\/\/remi-junquera.com\/wp-content\/uploads\/2024\/06\/Capture-768x489.png 768w\" sizes=\"(max-width: 1255px) 100vw, 1255px\" \/><\/figure>\n\n\n\n<div style=\"height:58px\" aria-hidden=\"true\" class=\"wp-block-spacer\"><\/div>\n\n\n\n<div class=\"wp-block-buttons is-content-justification-center is-layout-flex wp-container-core-buttons-is-layout-1 wp-block-buttons-is-layout-flex\" style=\"margin-top:0;margin-bottom:0\">\n<div class=\"wp-block-button hvr-grow\"><a class=\"wp-block-button__link has-text-color has-background has-link-color wp-element-button\" href=\"https:\/\/hal.science\/tel-04550877v1\" style=\"border-style:none;border-width:0px;border-radius:0px;color:#ffffff;background-color:#355b2b\">VOIR LA TH\u00c8SE<\/a><\/div>\n<\/div>\n\n\n\n<div style=\"height:58px\" aria-hidden=\"true\" class=\"wp-block-spacer\"><\/div>\n\n\n\n<hr class=\"wp-block-separator alignfull has-alpha-channel-opacity\"\/>\n","protected":false},"excerpt":{"rendered":"<p>\u00ab Une ferme urbaine multisites au c\u0153ur du quartier \u00bb L\u2019exp\u00e9rimentation constructive de \u00ab ferme urbaine diffuse \u00bb s\u2019inscrit dans le cadre d\u2019une volont\u00e9 politique de la part de la ville d\u2019Annemasse qui envisage depuis plusieurs ann\u00e9es de renouveler les espaces publics du quartier du Perrier en int\u00e9grant des formes d\u2019agricultures urbaines. Ce projet a [&hellip;]<\/p>\n","protected":false},"author":1,"featured_media":0,"parent":0,"menu_order":0,"comment_status":"closed","ping_status":"closed","template":"","meta":{"footnotes":""},"yoast_head":"<!-- This site is optimized with the Yoast SEO plugin v22.9 - https:\/\/yoast.com\/wordpress\/plugins\/seo\/ -->\n<title>Ferme urbaine diffuse | R\u00e9mi Junquera<\/title>\n<meta name=\"description\" content=\"D\u00e9couvrez le projet de ferme urbaine diffuse \u00e0 Annemasse.\" \/>\n<meta name=\"robots\" content=\"index, follow, max-snippet:-1, max-image-preview:large, max-video-preview:-1\" \/>\n<link rel=\"canonical\" href=\"https:\/\/remi-junquera.com\/index.php\/ferme-urbaine-diffuse\/\" \/>\n<meta property=\"og:locale\" content=\"fr_FR\" \/>\n<meta property=\"og:type\" content=\"article\" \/>\n<meta property=\"og:title\" content=\"Ferme urbaine diffuse | R\u00e9mi Junquera\" \/>\n<meta property=\"og:description\" content=\"D\u00e9couvrez le projet de ferme urbaine diffuse \u00e0 Annemasse.\" \/>\n<meta property=\"og:url\" content=\"https:\/\/remi-junquera.com\/index.php\/ferme-urbaine-diffuse\/\" \/>\n<meta property=\"og:site_name\" content=\"R\u00e9mi Junquera\" \/>\n<meta property=\"article:modified_time\" content=\"2025-02-25T08:55:31+00:00\" \/>\n<meta property=\"og:image\" content=\"https:\/\/remi-junquera.com\/wp-content\/uploads\/2024\/06\/ferme-diffuse-1.png\" \/>\n<meta name=\"twitter:card\" content=\"summary_large_image\" \/>\n<meta name=\"twitter:label1\" content=\"Dur\u00e9e de lecture estim\u00e9e\" \/>\n\t<meta name=\"twitter:data1\" content=\"3 minutes\" \/>\n<script type=\"application\/ld+json\" class=\"yoast-schema-graph\">{\"@context\":\"https:\/\/schema.org\",\"@graph\":[{\"@type\":\"WebPage\",\"@id\":\"https:\/\/remi-junquera.com\/index.php\/ferme-urbaine-diffuse\/\",\"url\":\"https:\/\/remi-junquera.com\/index.php\/ferme-urbaine-diffuse\/\",\"name\":\"Ferme urbaine diffuse | R\u00e9mi Junquera\",\"isPartOf\":{\"@id\":\"https:\/\/remi-junquera.com\/#website\"},\"primaryImageOfPage\":{\"@id\":\"https:\/\/remi-junquera.com\/index.php\/ferme-urbaine-diffuse\/#primaryimage\"},\"image\":{\"@id\":\"https:\/\/remi-junquera.com\/index.php\/ferme-urbaine-diffuse\/#primaryimage\"},\"thumbnailUrl\":\"https:\/\/remi-junquera.com\/wp-content\/uploads\/2024\/06\/ferme-diffuse-1.png\",\"datePublished\":\"2024-06-07T10:35:45+00:00\",\"dateModified\":\"2025-02-25T08:55:31+00:00\",\"description\":\"D\u00e9couvrez le projet de ferme urbaine diffuse \u00e0 Annemasse.\",\"breadcrumb\":{\"@id\":\"https:\/\/remi-junquera.com\/index.php\/ferme-urbaine-diffuse\/#breadcrumb\"},\"inLanguage\":\"fr-FR\",\"potentialAction\":[{\"@type\":\"ReadAction\",\"target\":[\"https:\/\/remi-junquera.com\/index.php\/ferme-urbaine-diffuse\/\"]}]},{\"@type\":\"ImageObject\",\"inLanguage\":\"fr-FR\",\"@id\":\"https:\/\/remi-junquera.com\/index.php\/ferme-urbaine-diffuse\/#primaryimage\",\"url\":\"https:\/\/remi-junquera.com\/wp-content\/uploads\/2024\/06\/ferme-diffuse-1.png\",\"contentUrl\":\"https:\/\/remi-junquera.com\/wp-content\/uploads\/2024\/06\/ferme-diffuse-1.png\",\"width\":1003,\"height\":796,\"caption\":\"Plan de ferme urbaine diffuse\"},{\"@type\":\"BreadcrumbList\",\"@id\":\"https:\/\/remi-junquera.com\/index.php\/ferme-urbaine-diffuse\/#breadcrumb\",\"itemListElement\":[{\"@type\":\"ListItem\",\"position\":1,\"name\":\"Accueil\",\"item\":\"https:\/\/remi-junquera.com\/\"},{\"@type\":\"ListItem\",\"position\":2,\"name\":\"Ferme urbaine diffuse\"}]},{\"@type\":\"WebSite\",\"@id\":\"https:\/\/remi-junquera.com\/#website\",\"url\":\"https:\/\/remi-junquera.com\/\",\"name\":\"R\u00e9mi Junquera\",\"description\":\"Architecture Urbanisme Agriculture\",\"publisher\":{\"@id\":\"https:\/\/remi-junquera.com\/#organization\"},\"potentialAction\":[{\"@type\":\"SearchAction\",\"target\":{\"@type\":\"EntryPoint\",\"urlTemplate\":\"https:\/\/remi-junquera.com\/?s={search_term_string}\"},\"query-input\":\"required name=search_term_string\"}],\"inLanguage\":\"fr-FR\"},{\"@type\":\"Organization\",\"@id\":\"https:\/\/remi-junquera.com\/#organization\",\"name\":\"R\u00e9mi Junquera\",\"url\":\"https:\/\/remi-junquera.com\/\",\"logo\":{\"@type\":\"ImageObject\",\"inLanguage\":\"fr-FR\",\"@id\":\"https:\/\/remi-junquera.com\/#\/schema\/logo\/image\/\",\"url\":\"https:\/\/remi-junquera.com\/wp-content\/uploads\/2024\/06\/logo-Remi-Junquera-HD.png\",\"contentUrl\":\"https:\/\/remi-junquera.com\/wp-content\/uploads\/2024\/06\/logo-Remi-Junquera-HD.png\",\"width\":4430,\"height\":947,\"caption\":\"R\u00e9mi Junquera\"},\"image\":{\"@id\":\"https:\/\/remi-junquera.com\/#\/schema\/logo\/image\/\"},\"sameAs\":[\"http:\/\/linkedin.com\/in\/r\u00e9mi-junquera\"]}]}<\/script>\n<!-- \/ Yoast SEO plugin. -->","yoast_head_json":{"title":"Ferme urbaine diffuse | R\u00e9mi Junquera","description":"D\u00e9couvrez le projet de ferme urbaine diffuse \u00e0 Annemasse.","robots":{"index":"index","follow":"follow","max-snippet":"max-snippet:-1","max-image-preview":"max-image-preview:large","max-video-preview":"max-video-preview:-1"},"canonical":"https:\/\/remi-junquera.com\/index.php\/ferme-urbaine-diffuse\/","og_locale":"fr_FR","og_type":"article","og_title":"Ferme urbaine diffuse | R\u00e9mi Junquera","og_description":"D\u00e9couvrez le projet de ferme urbaine diffuse \u00e0 Annemasse.","og_url":"https:\/\/remi-junquera.com\/index.php\/ferme-urbaine-diffuse\/","og_site_name":"R\u00e9mi Junquera","article_modified_time":"2025-02-25T08:55:31+00:00","og_image":[{"url":"https:\/\/remi-junquera.com\/wp-content\/uploads\/2024\/06\/ferme-diffuse-1.png"}],"twitter_card":"summary_large_image","twitter_misc":{"Dur\u00e9e de lecture estim\u00e9e":"3 minutes"},"schema":{"@context":"https:\/\/schema.org","@graph":[{"@type":"WebPage","@id":"https:\/\/remi-junquera.com\/index.php\/ferme-urbaine-diffuse\/","url":"https:\/\/remi-junquera.com\/index.php\/ferme-urbaine-diffuse\/","name":"Ferme urbaine diffuse | R\u00e9mi Junquera","isPartOf":{"@id":"https:\/\/remi-junquera.com\/#website"},"primaryImageOfPage":{"@id":"https:\/\/remi-junquera.com\/index.php\/ferme-urbaine-diffuse\/#primaryimage"},"image":{"@id":"https:\/\/remi-junquera.com\/index.php\/ferme-urbaine-diffuse\/#primaryimage"},"thumbnailUrl":"https:\/\/remi-junquera.com\/wp-content\/uploads\/2024\/06\/ferme-diffuse-1.png","datePublished":"2024-06-07T10:35:45+00:00","dateModified":"2025-02-25T08:55:31+00:00","description":"D\u00e9couvrez le projet de ferme urbaine diffuse \u00e0 Annemasse.","breadcrumb":{"@id":"https:\/\/remi-junquera.com\/index.php\/ferme-urbaine-diffuse\/#breadcrumb"},"inLanguage":"fr-FR","potentialAction":[{"@type":"ReadAction","target":["https:\/\/remi-junquera.com\/index.php\/ferme-urbaine-diffuse\/"]}]},{"@type":"ImageObject","inLanguage":"fr-FR","@id":"https:\/\/remi-junquera.com\/index.php\/ferme-urbaine-diffuse\/#primaryimage","url":"https:\/\/remi-junquera.com\/wp-content\/uploads\/2024\/06\/ferme-diffuse-1.png","contentUrl":"https:\/\/remi-junquera.com\/wp-content\/uploads\/2024\/06\/ferme-diffuse-1.png","width":1003,"height":796,"caption":"Plan de ferme urbaine diffuse"},{"@type":"BreadcrumbList","@id":"https:\/\/remi-junquera.com\/index.php\/ferme-urbaine-diffuse\/#breadcrumb","itemListElement":[{"@type":"ListItem","position":1,"name":"Accueil","item":"https:\/\/remi-junquera.com\/"},{"@type":"ListItem","position":2,"name":"Ferme urbaine diffuse"}]},{"@type":"WebSite","@id":"https:\/\/remi-junquera.com\/#website","url":"https:\/\/remi-junquera.com\/","name":"R\u00e9mi Junquera","description":"Architecture Urbanisme Agriculture","publisher":{"@id":"https:\/\/remi-junquera.com\/#organization"},"potentialAction":[{"@type":"SearchAction","target":{"@type":"EntryPoint","urlTemplate":"https:\/\/remi-junquera.com\/?s={search_term_string}"},"query-input":"required name=search_term_string"}],"inLanguage":"fr-FR"},{"@type":"Organization","@id":"https:\/\/remi-junquera.com\/#organization","name":"R\u00e9mi Junquera","url":"https:\/\/remi-junquera.com\/","logo":{"@type":"ImageObject","inLanguage":"fr-FR","@id":"https:\/\/remi-junquera.com\/#\/schema\/logo\/image\/","url":"https:\/\/remi-junquera.com\/wp-content\/uploads\/2024\/06\/logo-Remi-Junquera-HD.png","contentUrl":"https:\/\/remi-junquera.com\/wp-content\/uploads\/2024\/06\/logo-Remi-Junquera-HD.png","width":4430,"height":947,"caption":"R\u00e9mi Junquera"},"image":{"@id":"https:\/\/remi-junquera.com\/#\/schema\/logo\/image\/"},"sameAs":["http:\/\/linkedin.com\/in\/r\u00e9mi-junquera"]}]}},"jetpack_sharing_enabled":true,"_links":{"self":[{"href":"https:\/\/remi-junquera.com\/index.php\/wp-json\/wp\/v2\/pages\/238"}],"collection":[{"href":"https:\/\/remi-junquera.com\/index.php\/wp-json\/wp\/v2\/pages"}],"about":[{"href":"https:\/\/remi-junquera.com\/index.php\/wp-json\/wp\/v2\/types\/page"}],"author":[{"embeddable":true,"href":"https:\/\/remi-junquera.com\/index.php\/wp-json\/wp\/v2\/users\/1"}],"replies":[{"embeddable":true,"href":"https:\/\/remi-junquera.com\/index.php\/wp-json\/wp\/v2\/comments?post=238"}],"version-history":[{"count":25,"href":"https:\/\/remi-junquera.com\/index.php\/wp-json\/wp\/v2\/pages\/238\/revisions"}],"predecessor-version":[{"id":1345,"href":"https:\/\/remi-junquera.com\/index.php\/wp-json\/wp\/v2\/pages\/238\/revisions\/1345"}],"wp:attachment":[{"href":"https:\/\/remi-junquera.com\/index.php\/wp-json\/wp\/v2\/media?parent=238"}],"curies":[{"name":"wp","href":"https:\/\/api.w.org\/{rel}","templated":true}]}}