{"id":838,"date":"2024-06-12T14:03:43","date_gmt":"2024-06-12T12:03:43","guid":{"rendered":"https:\/\/remi-junquera.com\/?page_id=838"},"modified":"2024-07-25T12:16:11","modified_gmt":"2024-07-25T10:16:11","slug":"amoe","status":"publish","type":"page","link":"https:\/\/remi-junquera.com\/index.php\/amoe\/","title":{"rendered":"AMOE"},"content":{"rendered":"\n<div class=\"wp-block-cover alignfull has-parallax wp-duotone-unset-1\" style=\"padding-top:17%;padding-bottom:3rem;min-height:801px;aspect-ratio:unset;\"><span aria-hidden=\"true\" class=\"wp-block-cover__background has-black-background-color has-background-dim-40 has-background-dim\"><\/span><div class=\"wp-block-cover__image-background wp-image-388 has-parallax\" style=\"background-position:50% 50%;background-image:url(https:\/\/remi-junquera.com\/wp-content\/uploads\/2024\/06\/Region-de-Garden-City-Kansas-USA-2017-1-scaled.jpg)\"><\/div><div class=\"wp-block-cover__inner-container has-global-padding is-layout-constrained wp-container-core-cover-is-layout-1 wp-block-cover-is-layout-constrained\">\n<div class=\"wp-block-group alignwide has-global-padding is-layout-constrained wp-block-group-is-layout-constrained\" style=\"min-height:520px\">\n<h1 class=\"wp-block-heading alignwide has-text-align-center\">Assistance<br>\u00e0 ma\u00eetrise<br>d&rsquo;\u0153uvre<\/h1>\n<\/div>\n<\/div><\/div>\n\n\n\n<div class=\"wp-block-group has-global-padding is-layout-constrained wp-block-group-is-layout-constrained\">\n<div style=\"height:58px\" aria-hidden=\"true\" class=\"wp-block-spacer\"><\/div>\n\n\n\n<h2 class=\"wp-block-heading has-text-align-left has-text-color has-suranna-font-family\" style=\"color:#000000;margin-top:0.5rem;margin-bottom:0rem;font-size:clamp(24.034px, 1.502rem + ((1vw - 3.2px) * 1.814), 40px);letter-spacing:0px;line-height:1.3\">soutenir<br>Les projets urbains, <br>architecturaux,<br>et agricoles<\/h2>\n\n\n\n<hr class=\"wp-block-separator has-alpha-channel-opacity is-style-wide\"\/>\n\n\n\n<p style=\"font-size:clamp(14px, 0.875rem + ((1vw - 3.2px) * 0.455), 18px);\"><strong>Int\u00e9grer l\u2019agriculture dans vos projets architecturaux et urbains<\/strong><\/p>\n\n\n\n<p class=\"has-text-align-left\" style=\"font-size:clamp(14px, 0.875rem + ((1vw - 3.2px) * 0.114), 15px);\"><em>Ce service propose \u00e0 tous les concepteurs un accompagnement complet de leurs projets. <\/em><br><em>Cela concerne les architectes, les urbanistes, les paysagistes et les ing\u00e9nieurs.<\/em><\/p>\n\n\n\n<div style=\"height:58px\" aria-hidden=\"true\" class=\"wp-block-spacer\"><\/div>\n<\/div>\n\n\n\n<div class=\"wp-block-cover alignfull\"><span aria-hidden=\"true\" class=\"wp-block-cover__background has-background-dim-100 has-background-dim\" style=\"background-color:#092a14\"><\/span><div class=\"wp-block-cover__inner-container has-global-padding is-layout-constrained wp-block-cover-is-layout-constrained\">\n<div style=\"height:58px\" aria-hidden=\"true\" class=\"wp-block-spacer\"><\/div>\n\n\n\n<h2 class=\"wp-block-heading has-text-align-center has-text-color has-link-color wp-elements-050df857c81c6ed1c6fe4049ab346faf\" style=\"color:#ffffff;padding-top:0;padding-right:0;padding-bottom:0;padding-left:0;font-size:clamp(24.034px, 1.502rem + ((1vw - 3.2px) * 1.814), 40px);\">Vous aurez \u00e0 vos c\u00f4t\u00e9s<\/h2>\n\n\n\n<div style=\"height:58px\" aria-hidden=\"true\" class=\"wp-block-spacer\"><\/div>\n\n\n\n<div class=\"wp-block-columns alignwide is-layout-flex wp-container-core-columns-is-layout-1 wp-block-columns-is-layout-flex\">\n<div class=\"wp-block-column is-layout-flow wp-block-column-is-layout-flow\">\n<figure class=\"wp-block-image aligncenter size-full is-resized\"><img fetchpriority=\"high\" decoding=\"async\" width=\"285\" height=\"376\" src=\"https:\/\/remi-junquera.com\/wp-content\/uploads\/2024\/06\/noun-medal-6931544.png\" alt=\"\" class=\"wp-image-1026\" style=\"width:93px;height:auto\" srcset=\"https:\/\/remi-junquera.com\/wp-content\/uploads\/2024\/06\/noun-medal-6931544.png 285w, https:\/\/remi-junquera.com\/wp-content\/uploads\/2024\/06\/noun-medal-6931544-227x300.png 227w\" sizes=\"(max-width: 285px) 100vw, 285px\" \/><\/figure>\n\n\n\n<hr class=\"wp-block-separator aligncenter has-alpha-channel-opacity is-style-default\"\/>\n\n\n\n<p class=\"has-text-align-center\" style=\"font-size:clamp(14px, 0.875rem + ((1vw - 3.2px) * 0.455), 18px);\"><strong>Un professionnel d\u00eeplom\u00e9 <\/strong><br><strong>et exp\u00e9riment\u00e9<\/strong><\/p>\n<\/div>\n\n\n\n<div class=\"wp-block-column is-layout-flow wp-block-column-is-layout-flow\">\n<figure class=\"wp-block-image aligncenter size-full is-resized\"><img decoding=\"async\" width=\"126\" height=\"109\" src=\"https:\/\/remi-junquera.com\/wp-content\/uploads\/2024\/06\/noun-speak-5057025-1.png\" alt=\"\" class=\"wp-image-1030\" style=\"width:140px;height:auto\"\/><\/figure>\n\n\n\n<hr class=\"wp-block-separator aligncenter has-alpha-channel-opacity\"\/>\n\n\n\n<p class=\"has-text-align-center\"><strong>Un interlocuteur qui connait <\/strong><br><strong>vos disciplines et partage votre vocabulaire<\/strong><\/p>\n<\/div>\n\n\n\n<div class=\"wp-block-column is-layout-flow wp-block-column-is-layout-flow\">\n<figure class=\"wp-block-image aligncenter size-full is-resized\"><img decoding=\"async\" width=\"404\" height=\"401\" src=\"https:\/\/remi-junquera.com\/wp-content\/uploads\/2024\/06\/noun-help-6689158.png\" alt=\"\" class=\"wp-image-1028\" style=\"width:121px;height:auto\" srcset=\"https:\/\/remi-junquera.com\/wp-content\/uploads\/2024\/06\/noun-help-6689158.png 404w, https:\/\/remi-junquera.com\/wp-content\/uploads\/2024\/06\/noun-help-6689158-300x298.png 300w, https:\/\/remi-junquera.com\/wp-content\/uploads\/2024\/06\/noun-help-6689158-150x150.png 150w\" sizes=\"(max-width: 404px) 100vw, 404px\" \/><\/figure>\n\n\n\n<hr class=\"wp-block-separator aligncenter has-alpha-channel-opacity\"\/>\n\n\n\n<p class=\"has-text-align-center\"><strong>Un soutient technique <\/strong><br><strong>et des conseils avis\u00e9s<\/strong><\/p>\n<\/div>\n\n\n\n<div class=\"wp-block-column is-layout-flow wp-block-column-is-layout-flow\">\n<figure class=\"wp-block-image aligncenter size-full is-resized\"><img loading=\"lazy\" decoding=\"async\" width=\"395\" height=\"397\" src=\"https:\/\/remi-junquera.com\/wp-content\/uploads\/2024\/06\/noun-bulb-3408499-1.png\" alt=\"\" class=\"wp-image-1024\" style=\"width:113px;height:auto\" srcset=\"https:\/\/remi-junquera.com\/wp-content\/uploads\/2024\/06\/noun-bulb-3408499-1.png 395w, https:\/\/remi-junquera.com\/wp-content\/uploads\/2024\/06\/noun-bulb-3408499-1-298x300.png 298w, https:\/\/remi-junquera.com\/wp-content\/uploads\/2024\/06\/noun-bulb-3408499-1-150x150.png 150w\" sizes=\"(max-width: 395px) 100vw, 395px\" \/><\/figure>\n\n\n\n<hr class=\"wp-block-separator aligncenter has-alpha-channel-opacity\"\/>\n\n\n\n<p class=\"has-text-align-center\"><strong>Une expertise compl\u00e8te <\/strong><br><strong>en mati\u00e8re d&rsquo;architecture, d&rsquo;urbanisme et d&rsquo;agriculture<\/strong><\/p>\n<\/div>\n<\/div>\n\n\n\n<div style=\"height:58px\" aria-hidden=\"true\" class=\"wp-block-spacer\"><\/div>\n<\/div><\/div>\n\n\n\n<div class=\"wp-block-group has-global-padding is-layout-constrained wp-block-group-is-layout-constrained\">\n<div style=\"height:58px\" aria-hidden=\"true\" class=\"wp-block-spacer\"><\/div>\n\n\n\n<h2 class=\"wp-block-heading has-text-align-left\" style=\"font-size:clamp(24.034px, 1.502rem + ((1vw - 3.2px) * 1.814), 40px);\">M\u00e9thode<\/h2>\n\n\n\n<hr class=\"wp-block-separator has-alpha-channel-opacity is-style-wide\"\/>\n\n\n\n<p><strong><strong><strong>Premi\u00e8re rencontre<\/strong><\/strong><\/strong><\/p>\n\n\n\n<p style=\"font-size:clamp(14px, 0.875rem + ((1vw - 3.2px) * 0.114), 15px);\"><em><em>Il est important d&rsquo;\u00e9tablir une relation d&rsquo;\u00e9coute et de partage en amont du projet.<\/em><br><em>Nous discuterons de vos envies, de vos volont\u00e9s ou de vos interrogations.<br>C&rsquo;est \u00e9galement l&rsquo;occasion de porter un premier regard sur le projet pour estimer son potentiel d\u00e9veloppement et relever les premi\u00e8res contraintes.<\/em><\/em><\/p>\n\n\n\n<p><strong><strong><strong><strong><strong><strong>Adaptation \u00e0 vos besoins et \u00e0 vos projets<\/strong><\/strong><\/strong><\/strong><\/strong><\/strong><\/p>\n\n\n\n<p style=\"font-size:clamp(14px, 0.875rem + ((1vw - 3.2px) * 0.114), 15px);\"><em><em><em>\u00c9tude pr\u00e9-op\u00e9rationnelle, programmation, diagnostic, faisabilit\u00e9, esquisse, avant-projet d\u00e9finitif, d\u00e9veloppement du mod\u00e8le agricole urbain, d\u00e9tails techniques, recherche de profils professionnels compl\u00e9mentaires, etc.<\/em><\/em><\/em><\/p>\n\n\n\n<div style=\"height:58px\" aria-hidden=\"true\" class=\"wp-block-spacer\"><\/div>\n<\/div>\n\n\n\n<div class=\"wp-block-buttons is-horizontal is-content-justification-center is-layout-flex wp-container-core-buttons-is-layout-1 wp-block-buttons-is-layout-flex\" style=\"margin-top:20px\">\n<div class=\"wp-block-button has-custom-width wp-block-button__width-50 has-custom-font-size hvr-grow has-pontano-sans-font-family\" style=\"font-size:clamp(0.875rem, 0.875rem + ((1vw - 0.2rem) * 0.245), 1.01rem);font-style:normal;font-weight:600;letter-spacing:1px;line-height:1.5;text-transform:uppercase\"><a class=\"wp-block-button__link has-text-color has-background wp-element-button\" href=\"https:\/\/remi-junquera.com\/index.php\/contact\/\" style=\"border-style:none;border-width:0px;border-radius:0rem;color:#fffffd;background-color:#283c20;padding-top:0.71rem;padding-right:0.31rem;padding-bottom:0.71rem;padding-left:0.31rem\">CONTACTEZ-MOI<\/a><\/div>\n<\/div>\n\n\n\n<div style=\"height:40px\" aria-hidden=\"true\" class=\"wp-block-spacer\"><\/div>\n\n\n\n<hr class=\"wp-block-separator alignfull has-alpha-channel-opacity\"\/>\n","protected":false},"excerpt":{"rendered":"<p>soutenirLes projets urbains, architecturaux,et agricoles Int\u00e9grer l\u2019agriculture dans vos projets architecturaux et urbains Ce service propose \u00e0 tous les concepteurs un accompagnement complet de leurs projets. Cela concerne les architectes, les urbanistes, les paysagistes et les ing\u00e9nieurs. M\u00e9thode Premi\u00e8re rencontre Il est important d&rsquo;\u00e9tablir une relation d&rsquo;\u00e9coute et de partage en amont du projet.Nous discuterons [&hellip;]<\/p>\n","protected":false},"author":1,"featured_media":0,"parent":0,"menu_order":0,"comment_status":"closed","ping_status":"closed","template":"","meta":{"footnotes":""},"yoast_head":"<!-- This site is optimized with the Yoast SEO plugin v22.9 - https:\/\/yoast.com\/wordpress\/plugins\/seo\/ -->\n<title>AMOE | R\u00e9mi Junquera<\/title>\n<meta name=\"description\" content=\"R\u00e9mi Junquera accompagne les concepteurs dans leurs d\u00e9marches architecturales, urbaines et agricoles, selon vos besoins.\" \/>\n<meta name=\"robots\" content=\"index, follow, max-snippet:-1, max-image-preview:large, max-video-preview:-1\" \/>\n<link rel=\"canonical\" href=\"https:\/\/remi-junquera.com\/index.php\/amoe\/\" \/>\n<meta property=\"og:locale\" content=\"fr_FR\" \/>\n<meta property=\"og:type\" content=\"article\" \/>\n<meta property=\"og:title\" content=\"AMOE | R\u00e9mi Junquera\" \/>\n<meta property=\"og:description\" content=\"R\u00e9mi Junquera accompagne les concepteurs dans leurs d\u00e9marches architecturales, urbaines et agricoles, selon vos besoins.\" \/>\n<meta property=\"og:url\" content=\"https:\/\/remi-junquera.com\/index.php\/amoe\/\" \/>\n<meta property=\"og:site_name\" content=\"R\u00e9mi Junquera\" \/>\n<meta property=\"article:modified_time\" content=\"2024-07-25T10:16:11+00:00\" \/>\n<meta property=\"og:image\" content=\"https:\/\/remi-junquera.com\/wp-content\/uploads\/2024\/06\/noun-medal-6931544.png\" \/>\n<meta name=\"twitter:card\" content=\"summary_large_image\" \/>\n<meta name=\"twitter:label1\" content=\"Dur\u00e9e de lecture estim\u00e9e\" \/>\n\t<meta name=\"twitter:data1\" content=\"2 minutes\" \/>\n<script type=\"application\/ld+json\" class=\"yoast-schema-graph\">{\"@context\":\"https:\/\/schema.org\",\"@graph\":[{\"@type\":\"WebPage\",\"@id\":\"https:\/\/remi-junquera.com\/index.php\/amoe\/\",\"url\":\"https:\/\/remi-junquera.com\/index.php\/amoe\/\",\"name\":\"AMOE | R\u00e9mi Junquera\",\"isPartOf\":{\"@id\":\"https:\/\/remi-junquera.com\/#website\"},\"primaryImageOfPage\":{\"@id\":\"https:\/\/remi-junquera.com\/index.php\/amoe\/#primaryimage\"},\"image\":{\"@id\":\"https:\/\/remi-junquera.com\/index.php\/amoe\/#primaryimage\"},\"thumbnailUrl\":\"https:\/\/remi-junquera.com\/wp-content\/uploads\/2024\/06\/noun-medal-6931544.png\",\"datePublished\":\"2024-06-12T12:03:43+00:00\",\"dateModified\":\"2024-07-25T10:16:11+00:00\",\"description\":\"R\u00e9mi Junquera accompagne les concepteurs dans leurs d\u00e9marches architecturales, urbaines et agricoles, selon vos besoins.\",\"breadcrumb\":{\"@id\":\"https:\/\/remi-junquera.com\/index.php\/amoe\/#breadcrumb\"},\"inLanguage\":\"fr-FR\",\"potentialAction\":[{\"@type\":\"ReadAction\",\"target\":[\"https:\/\/remi-junquera.com\/index.php\/amoe\/\"]}]},{\"@type\":\"ImageObject\",\"inLanguage\":\"fr-FR\",\"@id\":\"https:\/\/remi-junquera.com\/index.php\/amoe\/#primaryimage\",\"url\":\"https:\/\/remi-junquera.com\/wp-content\/uploads\/2024\/06\/noun-medal-6931544.png\",\"contentUrl\":\"https:\/\/remi-junquera.com\/wp-content\/uploads\/2024\/06\/noun-medal-6931544.png\",\"width\":285,\"height\":376},{\"@type\":\"BreadcrumbList\",\"@id\":\"https:\/\/remi-junquera.com\/index.php\/amoe\/#breadcrumb\",\"itemListElement\":[{\"@type\":\"ListItem\",\"position\":1,\"name\":\"Accueil\",\"item\":\"https:\/\/remi-junquera.com\/\"},{\"@type\":\"ListItem\",\"position\":2,\"name\":\"AMOE\"}]},{\"@type\":\"WebSite\",\"@id\":\"https:\/\/remi-junquera.com\/#website\",\"url\":\"https:\/\/remi-junquera.com\/\",\"name\":\"R\u00e9mi Junquera\",\"description\":\"Architecture Urbanisme Agriculture\",\"publisher\":{\"@id\":\"https:\/\/remi-junquera.com\/#organization\"},\"potentialAction\":[{\"@type\":\"SearchAction\",\"target\":{\"@type\":\"EntryPoint\",\"urlTemplate\":\"https:\/\/remi-junquera.com\/?s={search_term_string}\"},\"query-input\":\"required name=search_term_string\"}],\"inLanguage\":\"fr-FR\"},{\"@type\":\"Organization\",\"@id\":\"https:\/\/remi-junquera.com\/#organization\",\"name\":\"R\u00e9mi Junquera\",\"url\":\"https:\/\/remi-junquera.com\/\",\"logo\":{\"@type\":\"ImageObject\",\"inLanguage\":\"fr-FR\",\"@id\":\"https:\/\/remi-junquera.com\/#\/schema\/logo\/image\/\",\"url\":\"https:\/\/remi-junquera.com\/wp-content\/uploads\/2024\/06\/logo-Remi-Junquera-HD.png\",\"contentUrl\":\"https:\/\/remi-junquera.com\/wp-content\/uploads\/2024\/06\/logo-Remi-Junquera-HD.png\",\"width\":4430,\"height\":947,\"caption\":\"R\u00e9mi Junquera\"},\"image\":{\"@id\":\"https:\/\/remi-junquera.com\/#\/schema\/logo\/image\/\"},\"sameAs\":[\"http:\/\/linkedin.com\/in\/r\u00e9mi-junquera\"]}]}<\/script>\n<!-- \/ Yoast SEO plugin. -->","yoast_head_json":{"title":"AMOE | R\u00e9mi Junquera","description":"R\u00e9mi Junquera accompagne les concepteurs dans leurs d\u00e9marches architecturales, urbaines et agricoles, selon vos besoins.","robots":{"index":"index","follow":"follow","max-snippet":"max-snippet:-1","max-image-preview":"max-image-preview:large","max-video-preview":"max-video-preview:-1"},"canonical":"https:\/\/remi-junquera.com\/index.php\/amoe\/","og_locale":"fr_FR","og_type":"article","og_title":"AMOE | R\u00e9mi Junquera","og_description":"R\u00e9mi Junquera accompagne les concepteurs dans leurs d\u00e9marches architecturales, urbaines et agricoles, selon vos besoins.","og_url":"https:\/\/remi-junquera.com\/index.php\/amoe\/","og_site_name":"R\u00e9mi Junquera","article_modified_time":"2024-07-25T10:16:11+00:00","og_image":[{"url":"https:\/\/remi-junquera.com\/wp-content\/uploads\/2024\/06\/noun-medal-6931544.png"}],"twitter_card":"summary_large_image","twitter_misc":{"Dur\u00e9e de lecture estim\u00e9e":"2 minutes"},"schema":{"@context":"https:\/\/schema.org","@graph":[{"@type":"WebPage","@id":"https:\/\/remi-junquera.com\/index.php\/amoe\/","url":"https:\/\/remi-junquera.com\/index.php\/amoe\/","name":"AMOE | R\u00e9mi Junquera","isPartOf":{"@id":"https:\/\/remi-junquera.com\/#website"},"primaryImageOfPage":{"@id":"https:\/\/remi-junquera.com\/index.php\/amoe\/#primaryimage"},"image":{"@id":"https:\/\/remi-junquera.com\/index.php\/amoe\/#primaryimage"},"thumbnailUrl":"https:\/\/remi-junquera.com\/wp-content\/uploads\/2024\/06\/noun-medal-6931544.png","datePublished":"2024-06-12T12:03:43+00:00","dateModified":"2024-07-25T10:16:11+00:00","description":"R\u00e9mi Junquera accompagne les concepteurs dans leurs d\u00e9marches architecturales, urbaines et agricoles, selon vos besoins.","breadcrumb":{"@id":"https:\/\/remi-junquera.com\/index.php\/amoe\/#breadcrumb"},"inLanguage":"fr-FR","potentialAction":[{"@type":"ReadAction","target":["https:\/\/remi-junquera.com\/index.php\/amoe\/"]}]},{"@type":"ImageObject","inLanguage":"fr-FR","@id":"https:\/\/remi-junquera.com\/index.php\/amoe\/#primaryimage","url":"https:\/\/remi-junquera.com\/wp-content\/uploads\/2024\/06\/noun-medal-6931544.png","contentUrl":"https:\/\/remi-junquera.com\/wp-content\/uploads\/2024\/06\/noun-medal-6931544.png","width":285,"height":376},{"@type":"BreadcrumbList","@id":"https:\/\/remi-junquera.com\/index.php\/amoe\/#breadcrumb","itemListElement":[{"@type":"ListItem","position":1,"name":"Accueil","item":"https:\/\/remi-junquera.com\/"},{"@type":"ListItem","position":2,"name":"AMOE"}]},{"@type":"WebSite","@id":"https:\/\/remi-junquera.com\/#website","url":"https:\/\/remi-junquera.com\/","name":"R\u00e9mi Junquera","description":"Architecture Urbanisme Agriculture","publisher":{"@id":"https:\/\/remi-junquera.com\/#organization"},"potentialAction":[{"@type":"SearchAction","target":{"@type":"EntryPoint","urlTemplate":"https:\/\/remi-junquera.com\/?s={search_term_string}"},"query-input":"required name=search_term_string"}],"inLanguage":"fr-FR"},{"@type":"Organization","@id":"https:\/\/remi-junquera.com\/#organization","name":"R\u00e9mi Junquera","url":"https:\/\/remi-junquera.com\/","logo":{"@type":"ImageObject","inLanguage":"fr-FR","@id":"https:\/\/remi-junquera.com\/#\/schema\/logo\/image\/","url":"https:\/\/remi-junquera.com\/wp-content\/uploads\/2024\/06\/logo-Remi-Junquera-HD.png","contentUrl":"https:\/\/remi-junquera.com\/wp-content\/uploads\/2024\/06\/logo-Remi-Junquera-HD.png","width":4430,"height":947,"caption":"R\u00e9mi Junquera"},"image":{"@id":"https:\/\/remi-junquera.com\/#\/schema\/logo\/image\/"},"sameAs":["http:\/\/linkedin.com\/in\/r\u00e9mi-junquera"]}]}},"jetpack_sharing_enabled":true,"_links":{"self":[{"href":"https:\/\/remi-junquera.com\/index.php\/wp-json\/wp\/v2\/pages\/838"}],"collection":[{"href":"https:\/\/remi-junquera.com\/index.php\/wp-json\/wp\/v2\/pages"}],"about":[{"href":"https:\/\/remi-junquera.com\/index.php\/wp-json\/wp\/v2\/types\/page"}],"author":[{"embeddable":true,"href":"https:\/\/remi-junquera.com\/index.php\/wp-json\/wp\/v2\/users\/1"}],"replies":[{"embeddable":true,"href":"https:\/\/remi-junquera.com\/index.php\/wp-json\/wp\/v2\/comments?post=838"}],"version-history":[{"count":12,"href":"https:\/\/remi-junquera.com\/index.php\/wp-json\/wp\/v2\/pages\/838\/revisions"}],"predecessor-version":[{"id":1128,"href":"https:\/\/remi-junquera.com\/index.php\/wp-json\/wp\/v2\/pages\/838\/revisions\/1128"}],"wp:attachment":[{"href":"https:\/\/remi-junquera.com\/index.php\/wp-json\/wp\/v2\/media?parent=838"}],"curies":[{"name":"wp","href":"https:\/\/api.w.org\/{rel}","templated":true}]}}